{"id":3616,"date":"2015-01-17T00:58:10","date_gmt":"2015-01-17T00:58:10","guid":{"rendered":"http:\/\/tanz-bruecke.de\/ja\/?page_id=3616"},"modified":"2025-12-18T17:57:13","modified_gmt":"2025-12-18T17:57:13","slug":"deutsch-professionelle-nachhilfe-und-foerderunterricht","status":"publish","type":"page","link":"https:\/\/tanz-bruecke.de\/ja\/deutsch-professionelle-nachhilfe-und-foerderunterricht\/","title":{"rendered":"DEUTSCH F\u00dcR KINDER"},"content":{"rendered":"<p class=\"bold\">Schuljahr 2022_2023<\/p>\n<p><em>Einstieg und Schnupperstunde jederzeit m\u00f6glich<\/em><\/p>\n<p><em>Individueller Unterricht nach Absprache m\u00f6glich<\/em><\/p>\n<p class=\"bold\"><span style=\"color: #10520a;\"><strong>DEUTSCH &#8211; SPIELERISCHE SPRACHF\u00d6RDERUNG F\u00dcR KINDER<\/strong><\/span><\/p>\n<p>Emotional positiver Umgang mit der Sprache garantiert\u00a0die Lernfreude und Interesse am Beherrschen der deutschen Sprache. Mit viel Spa\u00df und spannenden Erz\u00e4hlungen\u00a0tauchen wir in eine bunte Sprachwelt ein. Und auch beim kreativen Werken und Basteln lernen die Kinder jede Menge neue W\u00f6rter und S\u00e4tze kennen. Eine erfahrene und leidenschaftliche P\u00e4dagogin wird ihnen dabei helfen.<\/p>\n<p><span style=\"color: #083803;\"><strong>MITTWOCH<\/strong><\/span><\/p>\n<p>15:35 \u2013 16:25 Uhr\u00a0f\u00fcr Kinder 4-6 J.<\/p>\n<p>17:15 \u2013 18:00 Uhr VORSCHULE<\/p>\n<p><span style=\"color: #10520a;\"><strong>DEUTSCH: EFFEKTIVE PROFESSIONELLE NACHHILFE UND F\u00d6RDERUNTERRICHT F\u00dcR SCH\u00dcLER 5.-6. Klasse<\/strong><\/span><\/p>\n<p>Die meisten Kinder beherrschen die deutsche Sprache, bevor sie in die Schule kommen. Im Gegensatz zum Sprechen ist der Schriftspracherwerb jedoch mit M\u00fche und Schwierigkeiten verbunden. Doch nicht nur das Lesen und Schreiben sind Themen des Deutschunterrichts, dar\u00fcber hinaus gibt es auch viele Regeln, die gelernt, verstanden und richtig angewendet werden m\u00fcssen. Ob gro\u00df oder klein, &#8222;denn&#8220; oder &#8222;den&#8220;, &#8222;Tod&#8220; oder &#8222;tot&#8220;, &#8222;dass&#8220; oder &#8222;das&#8220;, Kommasetzung, Bindestrich, Apostroph, Gedankenstrich \u2013 die Liste lie\u00dfe sich beliebig weiterf\u00fchren, denn manchmal ist die deutsche Sprache eine schwere Sprache.<\/p>\n<p><strong><span style=\"color: #10520a;\">FREITAG<\/span><\/strong><\/p>\n<p>16:30 \u2013 17:30 Uhr\u00a0f\u00fcr Kinder 5. Klasse, Grammatik- und Rechtschreibtraining, Wortschatzerweiterung und Sprachspiele<\/p>\n<p>17:30\u00a0\u2013 18:30 Uhr f\u00fcr ukrainischer Kinder und Jugendlichen<\/p>\n<p><strong><span style=\"color: #10520a;\">SAMSTAG<\/span><\/strong><\/p>\n<p>10:40 \u2013 11:40 Uhr\u00a0f\u00fcr Kinder 6. Klasse, Grammatik- und Rechtschreibtraining, Wortschatzerweiterung und Sprachspiele<\/p>\n<p><em>Einstieg und Schnupperstunde jederzeit m\u00f6glich<\/em><\/p>\n<p><em>Individueller Unterricht nach Absprache m\u00f6glich<\/em><\/p>\n<p>Die Schwierigkeiten der Sch\u00fcler_innen sind genauso vielf\u00e4ltig wie die Themen. W\u00e4hrend in der Unterstufe die Rechtschreibung und Grammatik zwei gro\u00dfe Schwerpunkte darstellen, stehen in der Mittel- und Oberstufe das Textverst\u00e4ndnis und die Textproduktion h\u00e4ufig im Vordergrund. Doch wer das Pr\u00e4sens nicht beherrscht und Schwierigkeiten in der Rechtschreibung hat, wird auch Probleme im Verfassen eigener Texte aufweisen.<\/p>\n","protected":false},"excerpt":{"rendered":"<p>Schuljahr 2022_2023 Einstieg und Schnupperstunde jederzeit m\u00f6glich Individueller Unterricht nach Absprache m\u00f6glich DEUTSCH &#8211; SPIELERISCHE SPRACHF\u00d6RDERUNG F\u00dcR KINDER Emotional positiver Umgang mit der Sprache garantiert\u00a0die Lernfreude und Interesse am Beherrschen der deutschen Sprache. Mit viel Spa\u00df und spannenden Erz\u00e4hlungen\u00a0tauchen wir in eine bunte Sprachwelt ein. Und auch beim kreativen Werken und Basteln lernen die Kinder [&hellip;]<\/p>\n","protected":false},"author":2,"featured_media":0,"parent":0,"menu_order":0,"comment_status":"open","ping_status":"open","template":"","meta":{"footnotes":""},"class_list":["post-3616","page","type-page","status-publish","hentry","entry"],"_links":{"self":[{"href":"https:\/\/tanz-bruecke.de\/ja\/wp-json\/wp\/v2\/pages\/3616","targetHints":{"allow":["GET"]}}],"collection":[{"href":"https:\/\/tanz-bruecke.de\/ja\/wp-json\/wp\/v2\/pages"}],"about":[{"href":"https:\/\/tanz-bruecke.de\/ja\/wp-json\/wp\/v2\/types\/page"}],"author":[{"embeddable":true,"href":"https:\/\/tanz-bruecke.de\/ja\/wp-json\/wp\/v2\/users\/2"}],"replies":[{"embeddable":true,"href":"https:\/\/tanz-bruecke.de\/ja\/wp-json\/wp\/v2\/comments?post=3616"}],"version-history":[{"count":96,"href":"https:\/\/tanz-bruecke.de\/ja\/wp-json\/wp\/v2\/pages\/3616\/revisions"}],"predecessor-version":[{"id":13887,"href":"https:\/\/tanz-bruecke.de\/ja\/wp-json\/wp\/v2\/pages\/3616\/revisions\/13887"}],"wp:attachment":[{"href":"https:\/\/tanz-bruecke.de\/ja\/wp-json\/wp\/v2\/media?parent=3616"}],"curies":[{"name":"wp","href":"https:\/\/api.w.org\/{rel}","templated":true}]}}